{"id":366,"date":"2025-08-12T14:23:58","date_gmt":"2025-08-12T14:23:58","guid":{"rendered":"https:\/\/evolueazaimpreunacunoi.ro\/?page_id=366"},"modified":"2025-08-12T14:23:58","modified_gmt":"2025-08-12T14:23:58","slug":"teme-secundare","status":"publish","type":"page","link":"https:\/\/evolueazaimpreunacunoi.ro\/index.php\/teme-secundare\/","title":{"rendered":"Teme secundare"},"content":{"rendered":"\n<p>\u00cen cadrul proiectului viz\u0103m abordarea \u0219i contribu\u021bia la promovarea urm\u0103toarelor <strong>teme secundare<\/strong> vizate de Ghidul Solicitantului Condi\u021bii Specifice aferent apelului de proiecte PEO\/79\/PEO_P9\/OP4\/ESO4.7\/PEO_A36 &#8211; \u201c\u021aine pasul\u201d &#8211; Regiuni mai dezvoltate:<\/p>\n\n\n\n<p><em><u>Contribu\u021bia la competen\u021bele \u0219i locurile de munc\u0103 verzi \u0219i la economia verde<\/u><\/em><\/p>\n\n\n\n<p>Proiectul promoveaz\u0103 aceast\u0103 tem\u0103 \u00een cadrul Campaniei online ca tem\u0103 distinct\u0103. De asemenea, prin m\u0103surile integrate propuse \u00een vederea actualiz\u0103rii \u0219i\/sau dezvolt\u0103rii de noi competen\u021be\/calific\u0103ri pentru 602 angaja\u021bi proiectul contribuie \u00een mod direct la Obiectivul general, obiectivelor specifice \u0219i direc\u021biilor de ac\u021biune stabilite de Strategia na\u021bional\u0103 pentru locuri de munc\u0103 verzi 2018 \u2013 2025.<\/p>\n\n\n\n<p><em><u>Nediscriminarea \u0219i prevenirea oric\u0103rei forme de discriminare<\/u><\/em><\/p>\n\n\n\n<p>Proiectul prin m\u0103surile propuse promoveaz\u0103 \u0219i contribuie \u00een mod direct la aceast\u0103 tem\u0103 \u00een toate activit\u0103\u021bile proiectului. De asemenea aceast\u0103 tem\u0103 va fi promovat\u0103 \u00een cadrul campaniei online de informare \u0219i con\u0219tientizare distinct, precum \u0219i \u00een cadrul serviciilor de formare profesional\u0103.&nbsp;<\/p>\n\n\n\n<p><em><u>Dezvoltarea competen\u021belor \u0219i a locurilor de munc\u0103 digitale<\/u><\/em><\/p>\n\n\n\n<p>Proiectul contribuie \u00een mod direct la aceast\u0103 tem\u0103 \u00een cadrul activit\u0103\u021bii de furnizare a serviciilor de formare profesional\u0103 prin furnizarea de programe de formare \u00een competen\u021be digitale pentru 280 angaja\u021bi. De asemenea, aceast\u0103 tem\u0103 va fi promovat\u0103 \u00een cadrul campaniei online de informare \u0219i con\u0219tientizare distinct.<\/p>\n","protected":false},"excerpt":{"rendered":"<p>\u00cen cadrul proiectului viz\u0103m abordarea \u0219i contribu\u021bia la promovarea urm\u0103toarelor teme secundare vizate de Ghidul Solicitantului Condi\u021bii Specifice aferent apelului de proiecte PEO\/79\/PEO_P9\/OP4\/ESO4.7\/PEO_A36 &#8211; \u201c\u021aine pasul\u201d &#8211; Regiuni mai dezvoltate: Contribu\u021bia la competen\u021bele \u0219i locurile de munc\u0103 verzi \u0219i la economia verde Proiectul promoveaz\u0103 aceast\u0103 tem\u0103 \u00een cadrul Campaniei online ca tem\u0103 distinct\u0103. De asemenea, prin m\u0103surile integrate propuse \u00een&#8230;<\/p>\n","protected":false},"author":1,"featured_media":0,"parent":0,"menu_order":0,"comment_status":"closed","ping_status":"closed","template":"","meta":{"footnotes":""},"class_list":["post-366","page","type-page","status-publish","hentry"],"_links":{"self":[{"href":"https:\/\/evolueazaimpreunacunoi.ro\/index.php\/wp-json\/wp\/v2\/pages\/366","targetHints":{"allow":["GET"]}}],"collection":[{"href":"https:\/\/evolueazaimpreunacunoi.ro\/index.php\/wp-json\/wp\/v2\/pages"}],"about":[{"href":"https:\/\/evolueazaimpreunacunoi.ro\/index.php\/wp-json\/wp\/v2\/types\/page"}],"author":[{"embeddable":true,"href":"https:\/\/evolueazaimpreunacunoi.ro\/index.php\/wp-json\/wp\/v2\/users\/1"}],"replies":[{"embeddable":true,"href":"https:\/\/evolueazaimpreunacunoi.ro\/index.php\/wp-json\/wp\/v2\/comments?post=366"}],"version-history":[{"count":1,"href":"https:\/\/evolueazaimpreunacunoi.ro\/index.php\/wp-json\/wp\/v2\/pages\/366\/revisions"}],"predecessor-version":[{"id":367,"href":"https:\/\/evolueazaimpreunacunoi.ro\/index.php\/wp-json\/wp\/v2\/pages\/366\/revisions\/367"}],"wp:attachment":[{"href":"https:\/\/evolueazaimpreunacunoi.ro\/index.php\/wp-json\/wp\/v2\/media?parent=366"}],"curies":[{"name":"wp","href":"https:\/\/api.w.org\/{rel}","templated":true}]}}